{"id":2465,"date":"2023-03-23T00:09:30","date_gmt":"2023-03-23T00:09:30","guid":{"rendered":"https:\/\/centrodeinvestigacioningenieria.udd.cl\/?post_type=cplus_proyectos&#038;p=2465"},"modified":"2023-03-23T00:09:30","modified_gmt":"2023-03-23T00:09:30","slug":"fondecyt-1211906-acerca-de-la-existencia-de-una-paleocuenca-ubicada-en-la-traza-del-actual-estrecho-de-magallanes-como-posible-conexion-entre-los-oceanos-pacifico-y-atlantico-en-el-cenozoico","status":"publish","type":"cplus_proyectos","link":"https:\/\/cmas.udd.cl\/en\/cplus_proyectos\/fondecyt-1211906-acerca-de-la-existencia-de-una-paleocuenca-ubicada-en-la-traza-del-actual-estrecho-de-magallanes-como-posible-conexion-entre-los-oceanos-pacifico-y-atlantico-en-el-cenozoico\/","title":{"rendered":"&#8220;Fondecyt 1211906&#8221;: Acerca de la existencia de una paleocuenca ubicada en la traza del actual Estrecho de Magallanes, como posible conexi\u00f3n entre los oce\u00e1nos Pac\u00edfico y Atl\u00e1ntico en el Cenozoico"},"content":{"rendered":"","protected":false},"featured_media":818,"template":"","taxo_proyecto":[12],"class_list":["post-2465","cplus_proyectos","type-cplus_proyectos","status-publish","has-post-thumbnail","hentry","taxo_proyecto-extremeenvironments"],"acf":[],"yoast_head":"<!-- This site is optimized with the Yoast SEO plugin v27.3 - https:\/\/yoast.com\/product\/yoast-seo-wordpress\/ -->\n<title>&quot;Fondecyt 1211906&quot;: Acerca de la existencia de una paleocuenca ubicada en la traza del actual Estrecho de Magallanes, como posible conexi\u00f3n entre los oce\u00e1nos Pac\u00edfico y Atl\u00e1ntico en el Cenozoico - C+<\/title>\n<meta name=\"robots\" content=\"index, follow, max-snippet:-1, max-image-preview:large, max-video-preview:-1\" \/>\n<link rel=\"canonical\" href=\"https:\/\/cmas.udd.cl\/en\/cplus_proyectos\/fondecyt-1211906-acerca-de-la-existencia-de-una-paleocuenca-ubicada-en-la-traza-del-actual-estrecho-de-magallanes-como-posible-conexion-entre-los-oceanos-pacifico-y-atlantico-en-el-cenozoico\/\" \/>\n<meta property=\"og:locale\" content=\"en_US\" \/>\n<meta property=\"og:type\" content=\"article\" \/>\n<meta property=\"og:title\" content=\"&quot;Fondecyt 1211906&quot;: Acerca de la existencia de una paleocuenca ubicada en la traza del actual Estrecho de Magallanes, como posible conexi\u00f3n entre los oce\u00e1nos Pac\u00edfico y Atl\u00e1ntico en el Cenozoico - C+\" \/>\n<meta property=\"og:url\" content=\"https:\/\/cmas.udd.cl\/en\/cplus_proyectos\/fondecyt-1211906-acerca-de-la-existencia-de-una-paleocuenca-ubicada-en-la-traza-del-actual-estrecho-de-magallanes-como-posible-conexion-entre-los-oceanos-pacifico-y-atlantico-en-el-cenozoico\/\" \/>\n<meta property=\"og:site_name\" content=\"C+\" \/>\n<meta property=\"og:image\" content=\"https:\/\/cmas.udd.cl\/wp-content\/uploads\/2021\/10\/Imagen-portadalab-07.png\" \/>\n\t<meta property=\"og:image:width\" content=\"2400\" \/>\n\t<meta property=\"og:image:height\" content=\"612\" \/>\n\t<meta property=\"og:image:type\" content=\"image\/png\" \/>\n<meta name=\"twitter:card\" content=\"summary_large_image\" \/>\n<script type=\"application\/ld+json\" class=\"yoast-schema-graph\">{\"@context\":\"https:\\\/\\\/schema.org\",\"@graph\":[{\"@type\":\"WebPage\",\"@id\":\"https:\\\/\\\/cmas.udd.cl\\\/cplus_proyectos\\\/fondecyt-1211906-acerca-de-la-existencia-de-una-paleocuenca-ubicada-en-la-traza-del-actual-estrecho-de-magallanes-como-posible-conexion-entre-los-oceanos-pacifico-y-atlantico-en-el-cenozoico\\\/\",\"url\":\"https:\\\/\\\/cmas.udd.cl\\\/cplus_proyectos\\\/fondecyt-1211906-acerca-de-la-existencia-de-una-paleocuenca-ubicada-en-la-traza-del-actual-estrecho-de-magallanes-como-posible-conexion-entre-los-oceanos-pacifico-y-atlantico-en-el-cenozoico\\\/\",\"name\":\"\\\"Fondecyt 1211906\\\": Acerca de la existencia de una paleocuenca ubicada en la traza del actual Estrecho de Magallanes, como posible conexi\u00f3n entre los oce\u00e1nos Pac\u00edfico y Atl\u00e1ntico en el Cenozoico - C+\",\"isPartOf\":{\"@id\":\"https:\\\/\\\/cmas.udd.cl\\\/#website\"},\"primaryImageOfPage\":{\"@id\":\"https:\\\/\\\/cmas.udd.cl\\\/cplus_proyectos\\\/fondecyt-1211906-acerca-de-la-existencia-de-una-paleocuenca-ubicada-en-la-traza-del-actual-estrecho-de-magallanes-como-posible-conexion-entre-los-oceanos-pacifico-y-atlantico-en-el-cenozoico\\\/#primaryimage\"},\"image\":{\"@id\":\"https:\\\/\\\/cmas.udd.cl\\\/cplus_proyectos\\\/fondecyt-1211906-acerca-de-la-existencia-de-una-paleocuenca-ubicada-en-la-traza-del-actual-estrecho-de-magallanes-como-posible-conexion-entre-los-oceanos-pacifico-y-atlantico-en-el-cenozoico\\\/#primaryimage\"},\"thumbnailUrl\":\"https:\\\/\\\/cmas.udd.cl\\\/wp-content\\\/uploads\\\/2021\\\/10\\\/Imagen-portadalab-07.png\",\"datePublished\":\"2023-03-23T00:09:30+00:00\",\"breadcrumb\":{\"@id\":\"https:\\\/\\\/cmas.udd.cl\\\/cplus_proyectos\\\/fondecyt-1211906-acerca-de-la-existencia-de-una-paleocuenca-ubicada-en-la-traza-del-actual-estrecho-de-magallanes-como-posible-conexion-entre-los-oceanos-pacifico-y-atlantico-en-el-cenozoico\\\/#breadcrumb\"},\"inLanguage\":\"en-US\",\"potentialAction\":[{\"@type\":\"ReadAction\",\"target\":[\"https:\\\/\\\/cmas.udd.cl\\\/cplus_proyectos\\\/fondecyt-1211906-acerca-de-la-existencia-de-una-paleocuenca-ubicada-en-la-traza-del-actual-estrecho-de-magallanes-como-posible-conexion-entre-los-oceanos-pacifico-y-atlantico-en-el-cenozoico\\\/\"]}]},{\"@type\":\"ImageObject\",\"inLanguage\":\"en-US\",\"@id\":\"https:\\\/\\\/cmas.udd.cl\\\/cplus_proyectos\\\/fondecyt-1211906-acerca-de-la-existencia-de-una-paleocuenca-ubicada-en-la-traza-del-actual-estrecho-de-magallanes-como-posible-conexion-entre-los-oceanos-pacifico-y-atlantico-en-el-cenozoico\\\/#primaryimage\",\"url\":\"https:\\\/\\\/cmas.udd.cl\\\/wp-content\\\/uploads\\\/2021\\\/10\\\/Imagen-portadalab-07.png\",\"contentUrl\":\"https:\\\/\\\/cmas.udd.cl\\\/wp-content\\\/uploads\\\/2021\\\/10\\\/Imagen-portadalab-07.png\",\"width\":2400,\"height\":612},{\"@type\":\"BreadcrumbList\",\"@id\":\"https:\\\/\\\/cmas.udd.cl\\\/cplus_proyectos\\\/fondecyt-1211906-acerca-de-la-existencia-de-una-paleocuenca-ubicada-en-la-traza-del-actual-estrecho-de-magallanes-como-posible-conexion-entre-los-oceanos-pacifico-y-atlantico-en-el-cenozoico\\\/#breadcrumb\",\"itemListElement\":[{\"@type\":\"ListItem\",\"position\":1,\"name\":\"Home\",\"item\":\"https:\\\/\\\/cmas.udd.cl\\\/\"},{\"@type\":\"ListItem\",\"position\":2,\"name\":\"Proyectos\",\"item\":\"https:\\\/\\\/cmas.udd.cl\\\/cplus_proyectos\\\/\"},{\"@type\":\"ListItem\",\"position\":3,\"name\":\"\u00abFondecyt 1211906\u00bb: Acerca de la existencia de una paleocuenca ubicada en la traza del actual Estrecho de Magallanes, como posible conexi\u00f3n entre los oce\u00e1nos Pac\u00edfico y Atl\u00e1ntico en el Cenozoico\"}]},{\"@type\":\"WebSite\",\"@id\":\"https:\\\/\\\/cmas.udd.cl\\\/#website\",\"url\":\"https:\\\/\\\/cmas.udd.cl\\\/\",\"name\":\"C+\",\"description\":\"Centro Investigaci\u00f3n enTecnolog\u00edas para la Sociedad\",\"publisher\":{\"@id\":\"https:\\\/\\\/cmas.udd.cl\\\/#organization\"},\"potentialAction\":[{\"@type\":\"SearchAction\",\"target\":{\"@type\":\"EntryPoint\",\"urlTemplate\":\"https:\\\/\\\/cmas.udd.cl\\\/?s={search_term_string}\"},\"query-input\":{\"@type\":\"PropertyValueSpecification\",\"valueRequired\":true,\"valueName\":\"search_term_string\"}}],\"inLanguage\":\"en-US\"},{\"@type\":\"Organization\",\"@id\":\"https:\\\/\\\/cmas.udd.cl\\\/#organization\",\"name\":\"C+\",\"url\":\"https:\\\/\\\/cmas.udd.cl\\\/\",\"logo\":{\"@type\":\"ImageObject\",\"inLanguage\":\"en-US\",\"@id\":\"https:\\\/\\\/cmas.udd.cl\\\/#\\\/schema\\\/logo\\\/image\\\/\",\"url\":\"https:\\\/\\\/cmas.udd.cl\\\/wp-content\\\/uploads\\\/2023\\\/05\\\/Logo-compuesto-UDD-Cmas.png\",\"contentUrl\":\"https:\\\/\\\/cmas.udd.cl\\\/wp-content\\\/uploads\\\/2023\\\/05\\\/Logo-compuesto-UDD-Cmas.png\",\"width\":695,\"height\":72,\"caption\":\"C+\"},\"image\":{\"@id\":\"https:\\\/\\\/cmas.udd.cl\\\/#\\\/schema\\\/logo\\\/image\\\/\"}}]}<\/script>\n<!-- \/ Yoast SEO plugin. -->","yoast_head_json":{"title":"\"Fondecyt 1211906\": Acerca de la existencia de una paleocuenca ubicada en la traza del actual Estrecho de Magallanes, como posible conexi\u00f3n entre los oce\u00e1nos Pac\u00edfico y Atl\u00e1ntico en el Cenozoico - C+","robots":{"index":"index","follow":"follow","max-snippet":"max-snippet:-1","max-image-preview":"max-image-preview:large","max-video-preview":"max-video-preview:-1"},"canonical":"https:\/\/cmas.udd.cl\/en\/cplus_proyectos\/fondecyt-1211906-acerca-de-la-existencia-de-una-paleocuenca-ubicada-en-la-traza-del-actual-estrecho-de-magallanes-como-posible-conexion-entre-los-oceanos-pacifico-y-atlantico-en-el-cenozoico\/","og_locale":"en_US","og_type":"article","og_title":"\"Fondecyt 1211906\": Acerca de la existencia de una paleocuenca ubicada en la traza del actual Estrecho de Magallanes, como posible conexi\u00f3n entre los oce\u00e1nos Pac\u00edfico y Atl\u00e1ntico en el Cenozoico - C+","og_url":"https:\/\/cmas.udd.cl\/en\/cplus_proyectos\/fondecyt-1211906-acerca-de-la-existencia-de-una-paleocuenca-ubicada-en-la-traza-del-actual-estrecho-de-magallanes-como-posible-conexion-entre-los-oceanos-pacifico-y-atlantico-en-el-cenozoico\/","og_site_name":"C+","og_image":[{"width":2400,"height":612,"url":"https:\/\/cmas.udd.cl\/wp-content\/uploads\/2021\/10\/Imagen-portadalab-07.png","type":"image\/png"}],"twitter_card":"summary_large_image","schema":{"@context":"https:\/\/schema.org","@graph":[{"@type":"WebPage","@id":"https:\/\/cmas.udd.cl\/cplus_proyectos\/fondecyt-1211906-acerca-de-la-existencia-de-una-paleocuenca-ubicada-en-la-traza-del-actual-estrecho-de-magallanes-como-posible-conexion-entre-los-oceanos-pacifico-y-atlantico-en-el-cenozoico\/","url":"https:\/\/cmas.udd.cl\/cplus_proyectos\/fondecyt-1211906-acerca-de-la-existencia-de-una-paleocuenca-ubicada-en-la-traza-del-actual-estrecho-de-magallanes-como-posible-conexion-entre-los-oceanos-pacifico-y-atlantico-en-el-cenozoico\/","name":"\"Fondecyt 1211906\": Acerca de la existencia de una paleocuenca ubicada en la traza del actual Estrecho de Magallanes, como posible conexi\u00f3n entre los oce\u00e1nos Pac\u00edfico y Atl\u00e1ntico en el Cenozoico - C+","isPartOf":{"@id":"https:\/\/cmas.udd.cl\/#website"},"primaryImageOfPage":{"@id":"https:\/\/cmas.udd.cl\/cplus_proyectos\/fondecyt-1211906-acerca-de-la-existencia-de-una-paleocuenca-ubicada-en-la-traza-del-actual-estrecho-de-magallanes-como-posible-conexion-entre-los-oceanos-pacifico-y-atlantico-en-el-cenozoico\/#primaryimage"},"image":{"@id":"https:\/\/cmas.udd.cl\/cplus_proyectos\/fondecyt-1211906-acerca-de-la-existencia-de-una-paleocuenca-ubicada-en-la-traza-del-actual-estrecho-de-magallanes-como-posible-conexion-entre-los-oceanos-pacifico-y-atlantico-en-el-cenozoico\/#primaryimage"},"thumbnailUrl":"https:\/\/cmas.udd.cl\/wp-content\/uploads\/2021\/10\/Imagen-portadalab-07.png","datePublished":"2023-03-23T00:09:30+00:00","breadcrumb":{"@id":"https:\/\/cmas.udd.cl\/cplus_proyectos\/fondecyt-1211906-acerca-de-la-existencia-de-una-paleocuenca-ubicada-en-la-traza-del-actual-estrecho-de-magallanes-como-posible-conexion-entre-los-oceanos-pacifico-y-atlantico-en-el-cenozoico\/#breadcrumb"},"inLanguage":"en-US","potentialAction":[{"@type":"ReadAction","target":["https:\/\/cmas.udd.cl\/cplus_proyectos\/fondecyt-1211906-acerca-de-la-existencia-de-una-paleocuenca-ubicada-en-la-traza-del-actual-estrecho-de-magallanes-como-posible-conexion-entre-los-oceanos-pacifico-y-atlantico-en-el-cenozoico\/"]}]},{"@type":"ImageObject","inLanguage":"en-US","@id":"https:\/\/cmas.udd.cl\/cplus_proyectos\/fondecyt-1211906-acerca-de-la-existencia-de-una-paleocuenca-ubicada-en-la-traza-del-actual-estrecho-de-magallanes-como-posible-conexion-entre-los-oceanos-pacifico-y-atlantico-en-el-cenozoico\/#primaryimage","url":"https:\/\/cmas.udd.cl\/wp-content\/uploads\/2021\/10\/Imagen-portadalab-07.png","contentUrl":"https:\/\/cmas.udd.cl\/wp-content\/uploads\/2021\/10\/Imagen-portadalab-07.png","width":2400,"height":612},{"@type":"BreadcrumbList","@id":"https:\/\/cmas.udd.cl\/cplus_proyectos\/fondecyt-1211906-acerca-de-la-existencia-de-una-paleocuenca-ubicada-en-la-traza-del-actual-estrecho-de-magallanes-como-posible-conexion-entre-los-oceanos-pacifico-y-atlantico-en-el-cenozoico\/#breadcrumb","itemListElement":[{"@type":"ListItem","position":1,"name":"Home","item":"https:\/\/cmas.udd.cl\/"},{"@type":"ListItem","position":2,"name":"Proyectos","item":"https:\/\/cmas.udd.cl\/cplus_proyectos\/"},{"@type":"ListItem","position":3,"name":"\u00abFondecyt 1211906\u00bb: Acerca de la existencia de una paleocuenca ubicada en la traza del actual Estrecho de Magallanes, como posible conexi\u00f3n entre los oce\u00e1nos Pac\u00edfico y Atl\u00e1ntico en el Cenozoico"}]},{"@type":"WebSite","@id":"https:\/\/cmas.udd.cl\/#website","url":"https:\/\/cmas.udd.cl\/","name":"C+","description":"Centro Investigaci\u00f3n enTecnolog\u00edas para la Sociedad","publisher":{"@id":"https:\/\/cmas.udd.cl\/#organization"},"potentialAction":[{"@type":"SearchAction","target":{"@type":"EntryPoint","urlTemplate":"https:\/\/cmas.udd.cl\/?s={search_term_string}"},"query-input":{"@type":"PropertyValueSpecification","valueRequired":true,"valueName":"search_term_string"}}],"inLanguage":"en-US"},{"@type":"Organization","@id":"https:\/\/cmas.udd.cl\/#organization","name":"C+","url":"https:\/\/cmas.udd.cl\/","logo":{"@type":"ImageObject","inLanguage":"en-US","@id":"https:\/\/cmas.udd.cl\/#\/schema\/logo\/image\/","url":"https:\/\/cmas.udd.cl\/wp-content\/uploads\/2023\/05\/Logo-compuesto-UDD-Cmas.png","contentUrl":"https:\/\/cmas.udd.cl\/wp-content\/uploads\/2023\/05\/Logo-compuesto-UDD-Cmas.png","width":695,"height":72,"caption":"C+"},"image":{"@id":"https:\/\/cmas.udd.cl\/#\/schema\/logo\/image\/"}}]}},"_links":{"self":[{"href":"https:\/\/cmas.udd.cl\/en\/wp-json\/wp\/v2\/cplus_proyectos\/2465","targetHints":{"allow":["GET"]}}],"collection":[{"href":"https:\/\/cmas.udd.cl\/en\/wp-json\/wp\/v2\/cplus_proyectos"}],"about":[{"href":"https:\/\/cmas.udd.cl\/en\/wp-json\/wp\/v2\/types\/cplus_proyectos"}],"version-history":[{"count":0,"href":"https:\/\/cmas.udd.cl\/en\/wp-json\/wp\/v2\/cplus_proyectos\/2465\/revisions"}],"wp:featuredmedia":[{"embeddable":true,"href":"https:\/\/cmas.udd.cl\/en\/wp-json\/wp\/v2\/media\/818"}],"wp:attachment":[{"href":"https:\/\/cmas.udd.cl\/en\/wp-json\/wp\/v2\/media?parent=2465"}],"wp:term":[{"taxonomy":"taxo_proyecto","embeddable":true,"href":"https:\/\/cmas.udd.cl\/en\/wp-json\/wp\/v2\/taxo_proyecto?post=2465"}],"curies":[{"name":"wp","href":"https:\/\/api.w.org\/{rel}","templated":true}]}}